{"id":1192,"date":"2023-10-21T19:29:01","date_gmt":"2023-10-21T17:29:01","guid":{"rendered":"https:\/\/chaletm.it\/about-chalet-m\/"},"modified":"2023-11-13T11:21:12","modified_gmt":"2023-11-13T10:21:12","slug":"about-chalet-m","status":"publish","type":"page","link":"https:\/\/chaletm.it\/de\/about-chalet-m\/","title":{"rendered":"About Chalet M"},"content":{"rendered":"\t\t<div data-elementor-type=\"wp-post\" data-elementor-id=\"1192\" class=\"elementor elementor-1192 elementor-578\" data-elementor-post-type=\"page\">\n\t\t\t\t<div class=\"elementor-element elementor-element-6406650 e-con-full e-flex e-con e-parent\" data-id=\"6406650\" data-element_type=\"container\" data-settings=\"{&quot;background_background&quot;:&quot;classic&quot;}\">\n\t\t<div class=\"elementor-element elementor-element-bdc8ddf e-flex e-con-boxed e-con e-child\" data-id=\"bdc8ddf\" data-element_type=\"container\">\n\t\t\t\t\t<div class=\"e-con-inner\">\n\t\t\t\t<div class=\"elementor-element elementor-element-eae996e elementor-invisible elementor-widget elementor-widget-heading\" data-id=\"eae996e\" data-element_type=\"widget\" data-settings=\"{&quot;_animation&quot;:&quot;fadeIn&quot;}\" data-widget_type=\"heading.default\">\n\t\t\t\t<div class=\"elementor-widget-container\">\n\t\t\t\t\t<h1 class=\"elementor-heading-title elementor-size-default\">About Chalet M<\/h1>\t\t\t\t<\/div>\n\t\t\t\t<\/div>\n\t\t\t\t<div class=\"elementor-element elementor-element-894af1d elementor-invisible elementor-widget elementor-widget-heading\" data-id=\"894af1d\" data-element_type=\"widget\" data-settings=\"{&quot;_animation&quot;:&quot;fadeIn&quot;,&quot;_animation_delay&quot;:300}\" data-widget_type=\"heading.default\">\n\t\t\t\t<div class=\"elementor-widget-container\">\n\t\t\t\t\t<h5 class=\"elementor-heading-title elementor-size-default\">Eine Ruheoase<br>zwischen den Gipfeln der Dolomiten<\/h5>\t\t\t\t<\/div>\n\t\t\t\t<\/div>\n\t\t\t\t<div class=\"elementor-element elementor-element-ea9e97d elementor-widget elementor-widget-spacer\" data-id=\"ea9e97d\" data-element_type=\"widget\" data-widget_type=\"spacer.default\">\n\t\t\t\t<div class=\"elementor-widget-container\">\n\t\t\t\t\t\t\t<div class=\"elementor-spacer\">\n\t\t\t<div class=\"elementor-spacer-inner\"><\/div>\n\t\t<\/div>\n\t\t\t\t\t\t<\/div>\n\t\t\t\t<\/div>\n\t\t\t\t<div class=\"elementor-element elementor-element-d6689a1 elementor-align-center elementor-invisible elementor-widget elementor-widget-button\" data-id=\"d6689a1\" data-element_type=\"widget\" data-settings=\"{&quot;_animation&quot;:&quot;fadeInUp&quot;}\" data-widget_type=\"button.default\">\n\t\t\t\t<div class=\"elementor-widget-container\">\n\t\t\t\t\t\t\t\t\t<div class=\"elementor-button-wrapper\">\n\t\t\t\t\t<a class=\"elementor-button elementor-button-link elementor-size-sm\" href=\"https:\/\/secure.iperbooking.net\/be\/de\/chalet-m-val-di-zoldo\/\" target=\"_blank\" rel=\"noopener\">\n\t\t\t\t\t\t<span class=\"elementor-button-content-wrapper\">\n\t\t\t\t\t\t\t\t\t<span class=\"elementor-button-text\">Jetzt buchen<\/span>\n\t\t\t\t\t<\/span>\n\t\t\t\t\t<\/a>\n\t\t\t\t<\/div>\n\t\t\t\t\t\t\t\t<\/div>\n\t\t\t\t<\/div>\n\t\t\t\t\t<\/div>\n\t\t\t\t<\/div>\n\t\t\t\t<div class=\"elementor-element elementor-element-40328c4 sagoma elementor-widget elementor-widget-image\" data-id=\"40328c4\" data-element_type=\"widget\" data-widget_type=\"image.default\">\n\t\t\t\t<div class=\"elementor-widget-container\">\n\t\t\t\t\t\t\t\t\t\t\t\t\t\t\t<img fetchpriority=\"high\" decoding=\"async\" width=\"2560\" height=\"352\" src=\"https:\/\/chaletm.it\/wp-content\/uploads\/2023\/10\/silouette-montagne-2.png\" class=\"attachment-full size-full wp-image-1057\" alt=\"\" srcset=\"https:\/\/chaletm.it\/wp-content\/uploads\/2023\/10\/silouette-montagne-2.png 2560w, https:\/\/chaletm.it\/wp-content\/uploads\/2023\/10\/silouette-montagne-2-300x41.png 300w, https:\/\/chaletm.it\/wp-content\/uploads\/2023\/10\/silouette-montagne-2-1024x141.png 1024w, https:\/\/chaletm.it\/wp-content\/uploads\/2023\/10\/silouette-montagne-2-768x106.png 768w, https:\/\/chaletm.it\/wp-content\/uploads\/2023\/10\/silouette-montagne-2-1536x211.png 1536w, https:\/\/chaletm.it\/wp-content\/uploads\/2023\/10\/silouette-montagne-2-2048x282.png 2048w\" sizes=\"(max-width: 2560px) 100vw, 2560px\" \/>\t\t\t\t\t\t\t\t\t\t\t\t\t\t\t<\/div>\n\t\t\t\t<\/div>\n\t\t\t\t<\/div>\n\t\t<div class=\"elementor-element elementor-element-9333cf9 e-flex e-con-boxed e-con e-parent\" data-id=\"9333cf9\" data-element_type=\"container\">\n\t\t\t\t\t<div class=\"e-con-inner\">\n\t\t\t\t<div class=\"elementor-element elementor-element-a6a262e animated-slow elementor-invisible elementor-widget elementor-widget-text-editor\" data-id=\"a6a262e\" data-element_type=\"widget\" data-settings=\"{&quot;_animation&quot;:&quot;fadeInUp&quot;,&quot;_animation_delay&quot;:600}\" data-widget_type=\"text-editor.default\">\n\t\t\t\t<div class=\"elementor-widget-container\">\n\t\t\t\t\t\t\t\t\t<h5>Chalet M<\/h5>\n<h2>Im Herzen der Dolomiten <br \/>UNESCO-Welterbe<\/h2>\n\t\t\t\t\t\t\t\t<\/div>\n\t\t\t\t<\/div>\n\t\t\t\t<div class=\"elementor-element elementor-element-27bbf70 elementor-widget-divider--view-line elementor-invisible elementor-widget elementor-widget-divider\" data-id=\"27bbf70\" data-element_type=\"widget\" data-settings=\"{&quot;_animation&quot;:&quot;fadeIn&quot;,&quot;_animation_delay&quot;:300}\" data-widget_type=\"divider.default\">\n\t\t\t\t<div class=\"elementor-widget-container\">\n\t\t\t\t\t\t\t<div class=\"elementor-divider\">\n\t\t\t<span class=\"elementor-divider-separator\">\n\t\t\t\t\t\t<\/span>\n\t\t<\/div>\n\t\t\t\t\t\t<\/div>\n\t\t\t\t<\/div>\n\t\t\t\t<div class=\"elementor-element elementor-element-1f6f697 elementor-invisible elementor-widget elementor-widget-text-editor\" data-id=\"1f6f697\" data-element_type=\"widget\" data-settings=\"{&quot;_animation&quot;:&quot;fadeInUp&quot;,&quot;_animation_delay&quot;:300}\" data-widget_type=\"text-editor.default\">\n\t\t\t\t<div class=\"elementor-widget-container\">\n\t\t\t\t\t\t\t\t\t<p>Val di Zoldo liegt in den Dolomiten, einem UNESCO-Weltnaturerbe Das Tal ist bekannt f\u00fcr seine atemberaubenden Landschaften, charmanten D\u00f6rfer und vielf\u00e4ltigen Freizeitaktivit\u00e4ten, darunter Wandern, Klettern, Mountainbiken, Skifahren und lange Schneeschuhwanderungen.<\/p>\n<p>Ein idealer Ort, umgeben von imposanten Massiven wie dem Monte Civetta und dem Monte Pelmo, f\u00fcr diejenigen, die die Natur lieben und der Hektik des Alltags entfliehen m\u00f6chten. Ob im Sommer oder Winter, die Sch\u00f6nheit und Ruhe dieses Tals wird Sie mit Sicherheit beeindrucken. Die Lage unseres Chalets ist zu jeder Jahreszeit ein perfekter Ausgangspunkt f\u00fcr Outdoor Aktivit\u00e4ten.<\/p>\n<h5>SOMMER<\/h5>\n<p>Im Sommer laden zahlreiche Wanderwege dazu ein, unber\u00fchrte Natur und spektakul\u00e4re Landschaften zu erkunden.<\/p>\n<h5>WINTER<\/h5>\n<p>Im Winter verwandelt sich das Val di Zoldo in ein Paradies f\u00fcr Wintersportler. Unsere Skipisten ziehen Skifahrer und Snowboarder aus aller Welt an. Dolomiti Superski ist das gr\u00f6\u00dfte Skigebiet der Welt und bietet endlose Skim\u00f6glichkeiten in einer spektakul\u00e4ren Umgebung an.<\/p>\n\t\t\t\t\t\t\t\t<\/div>\n\t\t\t\t<\/div>\n\t\t\t\t\t<\/div>\n\t\t\t\t<\/div>\n\t\t<div class=\"elementor-element elementor-element-2fcf7a8 e-con-full e-flex e-con e-parent\" data-id=\"2fcf7a8\" data-element_type=\"container\" data-settings=\"{&quot;background_background&quot;:&quot;classic&quot;}\">\n\t\t<div class=\"elementor-element elementor-element-f3a89a0 e-con-full e-flex e-con e-child\" data-id=\"f3a89a0\" data-element_type=\"container\">\n\t\t\t\t<div class=\"elementor-element elementor-element-b8acaaa elementor-widget elementor-widget-image\" data-id=\"b8acaaa\" data-element_type=\"widget\" data-widget_type=\"image.default\">\n\t\t\t\t<div class=\"elementor-widget-container\">\n\t\t\t\t\t\t\t\t\t\t\t\t\t\t\t<img decoding=\"async\" width=\"2048\" height=\"1366\" src=\"https:\/\/chaletm.it\/wp-content\/uploads\/2023\/11\/chalet-m-zoldo-alto-about-2-2048x1366.jpg\" class=\"attachment-2048x2048 size-2048x2048 wp-image-1085\" alt=\"\" srcset=\"https:\/\/chaletm.it\/wp-content\/uploads\/2023\/11\/chalet-m-zoldo-alto-about-2-2048x1366.jpg 2048w, https:\/\/chaletm.it\/wp-content\/uploads\/2023\/11\/chalet-m-zoldo-alto-about-2-300x200.jpg 300w, https:\/\/chaletm.it\/wp-content\/uploads\/2023\/11\/chalet-m-zoldo-alto-about-2-1024x683.jpg 1024w, https:\/\/chaletm.it\/wp-content\/uploads\/2023\/11\/chalet-m-zoldo-alto-about-2-768x512.jpg 768w, https:\/\/chaletm.it\/wp-content\/uploads\/2023\/11\/chalet-m-zoldo-alto-about-2-1536x1024.jpg 1536w\" sizes=\"(max-width: 2048px) 100vw, 2048px\" \/>\t\t\t\t\t\t\t\t\t\t\t\t\t\t\t<\/div>\n\t\t\t\t<\/div>\n\t\t\t\t<\/div>\n\t\t\t\t<\/div>\n\t\t<div class=\"elementor-element elementor-element-1255262 e-flex e-con-boxed e-con e-parent\" data-id=\"1255262\" data-element_type=\"container\" data-settings=\"{&quot;background_background&quot;:&quot;classic&quot;}\">\n\t\t\t\t\t<div class=\"e-con-inner\">\n\t\t<div class=\"elementor-element elementor-element-eacde4e e-flex e-con-boxed e-con e-child\" data-id=\"eacde4e\" data-element_type=\"container\">\n\t\t\t\t\t<div class=\"e-con-inner\">\n\t\t\t\t<div class=\"elementor-element elementor-element-56c8579 animated-slow elementor-invisible elementor-widget elementor-widget-text-editor\" data-id=\"56c8579\" data-element_type=\"widget\" data-settings=\"{&quot;_animation&quot;:&quot;fadeInUp&quot;}\" data-widget_type=\"text-editor.default\">\n\t\t\t\t<div class=\"elementor-widget-container\">\n\t\t\t\t\t\t\t\t\t<h5>Entdecken Sie<\/h5>\n<h2>unsere Wohnungen<\/h2>\n\t\t\t\t\t\t\t\t<\/div>\n\t\t\t\t<\/div>\n\t\t\t\t<div class=\"elementor-element elementor-element-bb233c9 elementor-invisible elementor-widget elementor-widget-text-editor\" data-id=\"bb233c9\" data-element_type=\"widget\" data-settings=\"{&quot;_animation&quot;:&quot;fadeIn&quot;,&quot;_animation_delay&quot;:300}\" data-widget_type=\"text-editor.default\">\n\t\t\t\t<div class=\"elementor-widget-container\">\n\t\t\t\t\t\t\t\t\t<p>Die Wohnungen sind geschmackvoll eingerichtet und vereinen den rustikalen Charme traditioneller Bergh\u00fctten mit modernem Komfort, aber immer mit R\u00fccksicht auf unseren \u00f6kologischen Fu\u00dfabdruck: Die Struktur wird vollst\u00e4ndig durch eine geothermische W\u00e4rmepumpe in Kombination mit Solarthermie Kollektoren beheizt, die Au\u00dfenisolierung sorgt f\u00fcr wohlige W\u00e4rme, mit geringem Energieaufwand. Alle verwendeten Materialien stammen aus den umliegenden Steinbr\u00fcchen und W\u00e4ldern.<\/p>\n\t\t\t\t\t\t\t\t<\/div>\n\t\t\t\t<\/div>\n\t\t\t\t\t<\/div>\n\t\t\t\t<\/div>\n\t\t\t\t\t<\/div>\n\t\t\t\t<\/div>\n\t\t<div class=\"elementor-element elementor-element-80fb11e e-flex e-con-boxed e-con e-parent\" data-id=\"80fb11e\" data-element_type=\"container\" data-settings=\"{&quot;background_background&quot;:&quot;classic&quot;}\">\n\t\t\t\t\t<div class=\"e-con-inner\">\n\t\t<div class=\"elementor-element elementor-element-78abb6d e-flex e-con-boxed e-con e-child\" data-id=\"78abb6d\" data-element_type=\"container\">\n\t\t\t\t\t<div class=\"e-con-inner\">\n\t\t\t\t<div class=\"elementor-element elementor-element-0db7742 elementor-invisible elementor-widget elementor-widget-image\" data-id=\"0db7742\" data-element_type=\"widget\" data-settings=\"{&quot;_animation&quot;:&quot;fadeIn&quot;}\" data-widget_type=\"image.default\">\n\t\t\t\t<div class=\"elementor-widget-container\">\n\t\t\t\t\t\t\t\t\t\t\t\t\t\t\t<img decoding=\"async\" width=\"800\" height=\"958\" src=\"https:\/\/chaletm.it\/wp-content\/uploads\/2023\/11\/chalet-m-zoldo-alto-about-alloggi-855x1024.jpg\" class=\"attachment-large size-large wp-image-1087\" alt=\"\" srcset=\"https:\/\/chaletm.it\/wp-content\/uploads\/2023\/11\/chalet-m-zoldo-alto-about-alloggi-855x1024.jpg 855w, https:\/\/chaletm.it\/wp-content\/uploads\/2023\/11\/chalet-m-zoldo-alto-about-alloggi-250x300.jpg 250w, https:\/\/chaletm.it\/wp-content\/uploads\/2023\/11\/chalet-m-zoldo-alto-about-alloggi-768x920.jpg 768w, https:\/\/chaletm.it\/wp-content\/uploads\/2023\/11\/chalet-m-zoldo-alto-about-alloggi-1282x1536.jpg 1282w, https:\/\/chaletm.it\/wp-content\/uploads\/2023\/11\/chalet-m-zoldo-alto-about-alloggi.jpg 1425w\" sizes=\"(max-width: 800px) 100vw, 800px\" \/>\t\t\t\t\t\t\t\t\t\t\t\t\t\t\t<\/div>\n\t\t\t\t<\/div>\n\t\t\t\t\t<\/div>\n\t\t\t\t<\/div>\n\t\t<div class=\"elementor-element elementor-element-e1cb5d1 e-flex e-con-boxed e-con e-child\" data-id=\"e1cb5d1\" data-element_type=\"container\">\n\t\t\t\t\t<div class=\"e-con-inner\">\n\t\t\t\t<div class=\"elementor-element elementor-element-23f25a3 elementor-widget-divider--view-line elementor-invisible elementor-widget elementor-widget-divider\" data-id=\"23f25a3\" data-element_type=\"widget\" data-settings=\"{&quot;_animation&quot;:&quot;fadeIn&quot;}\" data-widget_type=\"divider.default\">\n\t\t\t\t<div class=\"elementor-widget-container\">\n\t\t\t\t\t\t\t<div class=\"elementor-divider\">\n\t\t\t<span class=\"elementor-divider-separator\">\n\t\t\t\t\t\t<\/span>\n\t\t<\/div>\n\t\t\t\t\t\t<\/div>\n\t\t\t\t<\/div>\n\t\t\t\t<div class=\"elementor-element elementor-element-29f2729 animated-slow elementor-invisible elementor-widget elementor-widget-text-editor\" data-id=\"29f2729\" data-element_type=\"widget\" data-settings=\"{&quot;_animation&quot;:&quot;fadeInUp&quot;,&quot;_animation_delay&quot;:600}\" data-widget_type=\"text-editor.default\">\n\t\t\t\t<div class=\"elementor-widget-container\">\n\t\t\t\t\t\t\t\t\t<h5>Unterkunft<\/h5>\n<p>Die Unterk\u00fcnfte eignen sich f\u00fcr Paare, Freunde und Familien, die eine einladende und entspannte Atmosph\u00e4re suchen. Der ideale R\u00fcckzugsort nach einem aufregenden Tag in den Dolomiten. Die offenen Wohnbereiche bieten ger\u00e4umige, gut ausgestattete K\u00fcchen, Wohnzimmer mit bequemen Schlafsofas und TV sowie direkten Zugang zu den gro\u00dfen Balkonen mit atemberaubender Aussicht.<\/p>\n<p>F\u00fcr Ihre Erholung stehen Ihnen gro\u00dfe Zimmer mit Doppelbetten aus Bio Filzwolle zur Verf\u00fcgung.<\/p>\n<p>Die mit Naturstein und Holz verkleideten Badezimmer verf\u00fcgen \u00fcber gro\u00dfz\u00fcgige, ebenerdige Duschen. Unser Chalet bietet au\u00dferdem kostenloses WLAN, Parkpl\u00e4tze, einen privaten Garten und einen Skiraum f\u00fcr Ihre Ausr\u00fcstung.<\/p>\n\t\t\t\t\t\t\t\t<\/div>\n\t\t\t\t<\/div>\n\t\t\t\t<div class=\"elementor-element elementor-element-043758d elementor-widget-divider--view-line elementor-invisible elementor-widget elementor-widget-divider\" data-id=\"043758d\" data-element_type=\"widget\" data-settings=\"{&quot;_animation&quot;:&quot;fadeIn&quot;,&quot;_animation_delay&quot;:300}\" data-widget_type=\"divider.default\">\n\t\t\t\t<div class=\"elementor-widget-container\">\n\t\t\t\t\t\t\t<div class=\"elementor-divider\">\n\t\t\t<span class=\"elementor-divider-separator\">\n\t\t\t\t\t\t<\/span>\n\t\t<\/div>\n\t\t\t\t\t\t<\/div>\n\t\t\t\t<\/div>\n\t\t\t\t\t<\/div>\n\t\t\t\t<\/div>\n\t\t\t\t\t<\/div>\n\t\t\t\t<\/div>\n\t\t<div class=\"elementor-element elementor-element-2fdb4a8 e-con-full e-flex e-con e-parent\" data-id=\"2fdb4a8\" data-element_type=\"container\" data-settings=\"{&quot;background_background&quot;:&quot;classic&quot;}\">\n\t\t<div class=\"elementor-element elementor-element-64c015e e-con-full e-flex e-con e-child\" data-id=\"64c015e\" data-element_type=\"container\">\n\t\t\t\t<div class=\"elementor-element elementor-element-57f9f63 elementor-widget elementor-widget-image\" data-id=\"57f9f63\" data-element_type=\"widget\" data-widget_type=\"image.default\">\n\t\t\t\t<div class=\"elementor-widget-container\">\n\t\t\t\t\t\t\t\t\t\t\t\t\t\t\t<img loading=\"lazy\" decoding=\"async\" width=\"2048\" height=\"1366\" src=\"https:\/\/chaletm.it\/wp-content\/uploads\/2023\/11\/chalet-m-zoldo-alto-about-4-2048x1366.jpg\" class=\"attachment-2048x2048 size-2048x2048 wp-image-1086\" alt=\"\" srcset=\"https:\/\/chaletm.it\/wp-content\/uploads\/2023\/11\/chalet-m-zoldo-alto-about-4-2048x1366.jpg 2048w, https:\/\/chaletm.it\/wp-content\/uploads\/2023\/11\/chalet-m-zoldo-alto-about-4-300x200.jpg 300w, https:\/\/chaletm.it\/wp-content\/uploads\/2023\/11\/chalet-m-zoldo-alto-about-4-1024x683.jpg 1024w, https:\/\/chaletm.it\/wp-content\/uploads\/2023\/11\/chalet-m-zoldo-alto-about-4-768x512.jpg 768w, https:\/\/chaletm.it\/wp-content\/uploads\/2023\/11\/chalet-m-zoldo-alto-about-4-1536x1024.jpg 1536w\" sizes=\"(max-width: 2048px) 100vw, 2048px\" \/>\t\t\t\t\t\t\t\t\t\t\t\t\t\t\t<\/div>\n\t\t\t\t<\/div>\n\t\t\t\t<\/div>\n\t\t\t\t<\/div>\n\t\t<div class=\"elementor-element elementor-element-eeaabe5 e-flex e-con-boxed e-con e-parent\" data-id=\"eeaabe5\" data-element_type=\"container\" data-settings=\"{&quot;background_background&quot;:&quot;classic&quot;}\">\n\t\t\t\t\t<div class=\"e-con-inner\">\n\t\t\t\t<div class=\"elementor-element elementor-element-fbdd1cb elementor-invisible elementor-widget elementor-widget-text-editor\" data-id=\"fbdd1cb\" data-element_type=\"widget\" data-settings=\"{&quot;_animation&quot;:&quot;fadeIn&quot;}\" data-widget_type=\"text-editor.default\">\n\t\t\t\t<div class=\"elementor-widget-container\">\n\t\t\t\t\t\t\t\t\t<h5>Entdecken Sie<\/h5>\n<h2>Unser Angebot<\/h2>\n\t\t\t\t\t\t\t\t<\/div>\n\t\t\t\t<\/div>\n\t\t<div class=\"elementor-element elementor-element-c214791 e-con-full e-flex elementor-invisible e-con e-child\" data-id=\"c214791\" data-element_type=\"container\" data-settings=\"{&quot;background_background&quot;:&quot;classic&quot;,&quot;animation&quot;:&quot;fadeInUp&quot;}\">\n\t\t\t\t<div class=\"elementor-element elementor-element-c702eb3 elementor-widget elementor-widget-image\" data-id=\"c702eb3\" data-element_type=\"widget\" data-widget_type=\"image.default\">\n\t\t\t\t<div class=\"elementor-widget-container\">\n\t\t\t\t\t\t\t\t\t\t\t\t\t\t\t<img loading=\"lazy\" decoding=\"async\" width=\"1536\" height=\"1024\" src=\"https:\/\/chaletm.it\/wp-content\/uploads\/2023\/11\/chalet-m-appartamento-pelmetto-1536x1024.jpg\" class=\"attachment-1536x1536 size-1536x1536 wp-image-1083\" alt=\"\" srcset=\"https:\/\/chaletm.it\/wp-content\/uploads\/2023\/11\/chalet-m-appartamento-pelmetto-1536x1024.jpg 1536w, https:\/\/chaletm.it\/wp-content\/uploads\/2023\/11\/chalet-m-appartamento-pelmetto-300x200.jpg 300w, https:\/\/chaletm.it\/wp-content\/uploads\/2023\/11\/chalet-m-appartamento-pelmetto-1024x683.jpg 1024w, https:\/\/chaletm.it\/wp-content\/uploads\/2023\/11\/chalet-m-appartamento-pelmetto-768x512.jpg 768w, https:\/\/chaletm.it\/wp-content\/uploads\/2023\/11\/chalet-m-appartamento-pelmetto-2048x1366.jpg 2048w\" sizes=\"(max-width: 1536px) 100vw, 1536px\" \/>\t\t\t\t\t\t\t\t\t\t\t\t\t\t\t<\/div>\n\t\t\t\t<\/div>\n\t\t\t\t<div class=\"elementor-element elementor-element-087cb93 elementor-widget elementor-widget-text-editor\" data-id=\"087cb93\" data-element_type=\"widget\" data-widget_type=\"text-editor.default\">\n\t\t\t\t<div class=\"elementor-widget-container\">\n\t\t\t\t\t\t\t\t\t<h5>Appartamento<br \/>Pelmetto<\/h5>\n\t\t\t\t\t\t\t\t<\/div>\n\t\t\t\t<\/div>\n\t\t<div class=\"elementor-element elementor-element-74d2ae0 e-flex e-con-boxed e-con e-child\" data-id=\"74d2ae0\" data-element_type=\"container\">\n\t\t\t\t\t<div class=\"e-con-inner\">\n\t\t\t\t<div class=\"elementor-element elementor-element-0b851af elementor-widget__width-initial elementor-widget elementor-widget-text-editor\" data-id=\"0b851af\" data-element_type=\"widget\" data-widget_type=\"text-editor.default\">\n\t\t\t\t<div class=\"elementor-widget-container\">\n\t\t\t\t\t\t\t\t\t<h6>Kapazit\u00e4t<\/h6>\n<h4>2-4<br \/>Personen<\/h4>\n\t\t\t\t\t\t\t\t<\/div>\n\t\t\t\t<\/div>\n\t\t\t\t<div class=\"elementor-element elementor-element-b6d0d4b elementor-widget__width-initial elementor-widget elementor-widget-text-editor\" data-id=\"b6d0d4b\" data-element_type=\"widget\" data-widget_type=\"text-editor.default\">\n\t\t\t\t<div class=\"elementor-widget-container\">\n\t\t\t\t\t\t\t\t\t<h6>Abmessungen<\/h6>\n<h4>56<br \/>m\u00b2<\/h4>\n\t\t\t\t\t\t\t\t<\/div>\n\t\t\t\t<\/div>\n\t\t\t\t<div class=\"elementor-element elementor-element-c3cbaef elementor-widget__width-initial elementor-widget elementor-widget-text-editor\" data-id=\"c3cbaef\" data-element_type=\"widget\" data-widget_type=\"text-editor.default\">\n\t\t\t\t<div class=\"elementor-widget-container\">\n\t\t\t\t\t\t\t\t\t<h6>Extra<\/h6>\n<h4>Bad<br \/>en-suite<\/h4>\n\t\t\t\t\t\t\t\t<\/div>\n\t\t\t\t<\/div>\n\t\t\t\t\t<\/div>\n\t\t\t\t<\/div>\n\t\t<div class=\"elementor-element elementor-element-39825e1 e-flex e-con-boxed e-con e-child\" data-id=\"39825e1\" data-element_type=\"container\">\n\t\t\t\t\t<div class=\"e-con-inner\">\n\t\t\t\t<div class=\"elementor-element elementor-element-8d3e24e elementor-align-center elementor-widget elementor-widget-button\" data-id=\"8d3e24e\" data-element_type=\"widget\" data-widget_type=\"button.default\">\n\t\t\t\t<div class=\"elementor-widget-container\">\n\t\t\t\t\t\t\t\t\t<div class=\"elementor-button-wrapper\">\n\t\t\t\t\t<a class=\"elementor-button elementor-button-link elementor-size-sm\" href=\"https:\/\/secure.iperbooking.net\/be\/de\/chalet-m-val-di-zoldo\/\" target=\"_blank\" rel=\"noopener\">\n\t\t\t\t\t\t<span class=\"elementor-button-content-wrapper\">\n\t\t\t\t\t\t\t\t\t<span class=\"elementor-button-text\">Jetzt buchen<\/span>\n\t\t\t\t\t<\/span>\n\t\t\t\t\t<\/a>\n\t\t\t\t<\/div>\n\t\t\t\t\t\t\t\t<\/div>\n\t\t\t\t<\/div>\n\t\t\t\t<div class=\"elementor-element elementor-element-75baca1 elementor-align-center elementor-widget elementor-widget-button\" data-id=\"75baca1\" data-element_type=\"widget\" data-widget_type=\"button.default\">\n\t\t\t\t<div class=\"elementor-widget-container\">\n\t\t\t\t\t\t\t\t\t<div class=\"elementor-button-wrapper\">\n\t\t\t\t\t<a class=\"elementor-button elementor-button-link elementor-size-sm\" href=\"https:\/\/chaletm.it\/de\/wohnungen\/appartamento-pelmetto\/\">\n\t\t\t\t\t\t<span class=\"elementor-button-content-wrapper\">\n\t\t\t\t\t\t\t\t\t<span class=\"elementor-button-text\">Weitere Informationen<\/span>\n\t\t\t\t\t<\/span>\n\t\t\t\t\t<\/a>\n\t\t\t\t<\/div>\n\t\t\t\t\t\t\t\t<\/div>\n\t\t\t\t<\/div>\n\t\t\t\t\t<\/div>\n\t\t\t\t<\/div>\n\t\t\t\t<\/div>\n\t\t<div class=\"elementor-element elementor-element-beff70d e-con-full e-flex elementor-invisible e-con e-child\" data-id=\"beff70d\" data-element_type=\"container\" data-settings=\"{&quot;background_background&quot;:&quot;classic&quot;,&quot;animation&quot;:&quot;fadeInUp&quot;}\">\n\t\t\t\t<div class=\"elementor-element elementor-element-5c07f7c elementor-widget elementor-widget-image\" data-id=\"5c07f7c\" data-element_type=\"widget\" data-widget_type=\"image.default\">\n\t\t\t\t<div class=\"elementor-widget-container\">\n\t\t\t\t\t\t\t\t\t\t\t\t\t\t\t<img loading=\"lazy\" decoding=\"async\" width=\"1536\" height=\"1024\" src=\"https:\/\/chaletm.it\/wp-content\/uploads\/2023\/11\/chalet-m-appartamento-monte-pelmo-1-1536x1024.jpg\" class=\"attachment-1536x1536 size-1536x1536 wp-image-1084\" alt=\"\" srcset=\"https:\/\/chaletm.it\/wp-content\/uploads\/2023\/11\/chalet-m-appartamento-monte-pelmo-1-1536x1024.jpg 1536w, https:\/\/chaletm.it\/wp-content\/uploads\/2023\/11\/chalet-m-appartamento-monte-pelmo-1-300x200.jpg 300w, https:\/\/chaletm.it\/wp-content\/uploads\/2023\/11\/chalet-m-appartamento-monte-pelmo-1-1024x683.jpg 1024w, https:\/\/chaletm.it\/wp-content\/uploads\/2023\/11\/chalet-m-appartamento-monte-pelmo-1-768x512.jpg 768w, https:\/\/chaletm.it\/wp-content\/uploads\/2023\/11\/chalet-m-appartamento-monte-pelmo-1-2048x1366.jpg 2048w\" sizes=\"(max-width: 1536px) 100vw, 1536px\" \/>\t\t\t\t\t\t\t\t\t\t\t\t\t\t\t<\/div>\n\t\t\t\t<\/div>\n\t\t\t\t<div class=\"elementor-element elementor-element-55184f6 elementor-widget elementor-widget-text-editor\" data-id=\"55184f6\" data-element_type=\"widget\" data-widget_type=\"text-editor.default\">\n\t\t\t\t<div class=\"elementor-widget-container\">\n\t\t\t\t\t\t\t\t\t<h5>Appartamento<br \/>MONTE PELMO<\/h5>\n\t\t\t\t\t\t\t\t<\/div>\n\t\t\t\t<\/div>\n\t\t<div class=\"elementor-element elementor-element-59f758a e-flex e-con-boxed e-con e-child\" data-id=\"59f758a\" data-element_type=\"container\">\n\t\t\t\t\t<div class=\"e-con-inner\">\n\t\t\t\t<div class=\"elementor-element elementor-element-6ddc8cc elementor-widget__width-initial elementor-widget elementor-widget-text-editor\" data-id=\"6ddc8cc\" data-element_type=\"widget\" data-widget_type=\"text-editor.default\">\n\t\t\t\t<div class=\"elementor-widget-container\">\n\t\t\t\t\t\t\t\t\t<h6>Kapazit\u00e4t<\/h6>\n<h4>2-4<br \/>Personen<\/h4>\n\t\t\t\t\t\t\t\t<\/div>\n\t\t\t\t<\/div>\n\t\t\t\t<div class=\"elementor-element elementor-element-97a2fd4 elementor-widget__width-initial elementor-widget elementor-widget-text-editor\" data-id=\"97a2fd4\" data-element_type=\"widget\" data-widget_type=\"text-editor.default\">\n\t\t\t\t<div class=\"elementor-widget-container\">\n\t\t\t\t\t\t\t\t\t<h6>Abmessungen<\/h6>\n<h4>64<br \/>m\u00b2<\/h4>\n\t\t\t\t\t\t\t\t<\/div>\n\t\t\t\t<\/div>\n\t\t\t\t<div class=\"elementor-element elementor-element-b16c5a9 elementor-widget__width-initial elementor-widget elementor-widget-text-editor\" data-id=\"b16c5a9\" data-element_type=\"widget\" data-widget_type=\"text-editor.default\">\n\t\t\t\t<div class=\"elementor-widget-container\">\n\t\t\t\t\t\t\t\t\t<h6>Extra<\/h6>\n<h4>Terrazzo<br \/>Panorama<\/h4>\n\t\t\t\t\t\t\t\t<\/div>\n\t\t\t\t<\/div>\n\t\t\t\t\t<\/div>\n\t\t\t\t<\/div>\n\t\t<div class=\"elementor-element elementor-element-1580fc6 e-flex e-con-boxed e-con e-child\" data-id=\"1580fc6\" data-element_type=\"container\">\n\t\t\t\t\t<div class=\"e-con-inner\">\n\t\t\t\t<div class=\"elementor-element elementor-element-2d96551 elementor-align-center elementor-widget elementor-widget-button\" data-id=\"2d96551\" data-element_type=\"widget\" data-widget_type=\"button.default\">\n\t\t\t\t<div class=\"elementor-widget-container\">\n\t\t\t\t\t\t\t\t\t<div class=\"elementor-button-wrapper\">\n\t\t\t\t\t<a class=\"elementor-button elementor-button-link elementor-size-sm\" href=\"https:\/\/secure.iperbooking.net\/be\/de\/chalet-m-val-di-zoldo\/\" target=\"_blank\" rel=\"noopener\">\n\t\t\t\t\t\t<span class=\"elementor-button-content-wrapper\">\n\t\t\t\t\t\t\t\t\t<span class=\"elementor-button-text\">Jeztz buchen<\/span>\n\t\t\t\t\t<\/span>\n\t\t\t\t\t<\/a>\n\t\t\t\t<\/div>\n\t\t\t\t\t\t\t\t<\/div>\n\t\t\t\t<\/div>\n\t\t\t\t<div class=\"elementor-element elementor-element-ef330ba elementor-align-center elementor-widget elementor-widget-button\" data-id=\"ef330ba\" data-element_type=\"widget\" data-widget_type=\"button.default\">\n\t\t\t\t<div class=\"elementor-widget-container\">\n\t\t\t\t\t\t\t\t\t<div class=\"elementor-button-wrapper\">\n\t\t\t\t\t<a class=\"elementor-button elementor-button-link elementor-size-sm\" href=\"https:\/\/chaletm.it\/de\/wohnungen\/appartamento-monte-pelmo\/\">\n\t\t\t\t\t\t<span class=\"elementor-button-content-wrapper\">\n\t\t\t\t\t\t\t\t\t<span class=\"elementor-button-text\">Weitere Informationen<\/span>\n\t\t\t\t\t<\/span>\n\t\t\t\t\t<\/a>\n\t\t\t\t<\/div>\n\t\t\t\t\t\t\t\t<\/div>\n\t\t\t\t<\/div>\n\t\t\t\t\t<\/div>\n\t\t\t\t<\/div>\n\t\t\t\t<\/div>\n\t\t<div class=\"elementor-element elementor-element-570fc3a e-con-full e-flex elementor-invisible e-con e-child\" data-id=\"570fc3a\" data-element_type=\"container\" data-settings=\"{&quot;background_background&quot;:&quot;classic&quot;,&quot;animation&quot;:&quot;fadeInUp&quot;}\">\n\t\t\t\t<div class=\"elementor-element elementor-element-1c1b852 elementor-widget elementor-widget-image\" data-id=\"1c1b852\" data-element_type=\"widget\" data-widget_type=\"image.default\">\n\t\t\t\t<div class=\"elementor-widget-container\">\n\t\t\t\t\t\t\t\t\t\t\t\t\t\t\t<img loading=\"lazy\" decoding=\"async\" width=\"1536\" height=\"1024\" src=\"https:\/\/chaletm.it\/wp-content\/uploads\/2023\/11\/chalet-m-appartamento-monte-civetta-1536x1024.jpg\" class=\"attachment-1536x1536 size-1536x1536 wp-image-1082\" alt=\"\" srcset=\"https:\/\/chaletm.it\/wp-content\/uploads\/2023\/11\/chalet-m-appartamento-monte-civetta-1536x1024.jpg 1536w, https:\/\/chaletm.it\/wp-content\/uploads\/2023\/11\/chalet-m-appartamento-monte-civetta-300x200.jpg 300w, https:\/\/chaletm.it\/wp-content\/uploads\/2023\/11\/chalet-m-appartamento-monte-civetta-1024x683.jpg 1024w, https:\/\/chaletm.it\/wp-content\/uploads\/2023\/11\/chalet-m-appartamento-monte-civetta-768x512.jpg 768w, https:\/\/chaletm.it\/wp-content\/uploads\/2023\/11\/chalet-m-appartamento-monte-civetta-2048x1366.jpg 2048w\" sizes=\"(max-width: 1536px) 100vw, 1536px\" \/>\t\t\t\t\t\t\t\t\t\t\t\t\t\t\t<\/div>\n\t\t\t\t<\/div>\n\t\t\t\t<div class=\"elementor-element elementor-element-34bbc2f elementor-widget elementor-widget-text-editor\" data-id=\"34bbc2f\" data-element_type=\"widget\" data-widget_type=\"text-editor.default\">\n\t\t\t\t<div class=\"elementor-widget-container\">\n\t\t\t\t\t\t\t\t\t<h5>Appartamento<br \/>Monte Civetta<\/h5>\n\t\t\t\t\t\t\t\t<\/div>\n\t\t\t\t<\/div>\n\t\t<div class=\"elementor-element elementor-element-8877b14 e-flex e-con-boxed e-con e-child\" data-id=\"8877b14\" data-element_type=\"container\">\n\t\t\t\t\t<div class=\"e-con-inner\">\n\t\t\t\t<div class=\"elementor-element elementor-element-9420a65 elementor-widget__width-initial elementor-widget elementor-widget-text-editor\" data-id=\"9420a65\" data-element_type=\"widget\" data-widget_type=\"text-editor.default\">\n\t\t\t\t<div class=\"elementor-widget-container\">\n\t\t\t\t\t\t\t\t\t<h6>Kapazit\u00e4t<\/h6>\n<h4>2-4<br \/>Personen<\/h4>\n\t\t\t\t\t\t\t\t<\/div>\n\t\t\t\t<\/div>\n\t\t\t\t<div class=\"elementor-element elementor-element-99b8e30 elementor-widget__width-initial elementor-widget elementor-widget-text-editor\" data-id=\"99b8e30\" data-element_type=\"widget\" data-widget_type=\"text-editor.default\">\n\t\t\t\t<div class=\"elementor-widget-container\">\n\t\t\t\t\t\t\t\t\t<h6>Abmessungen<\/h6>\n<h4>58<br \/>m\u00b2<\/h4>\n\t\t\t\t\t\t\t\t<\/div>\n\t\t\t\t<\/div>\n\t\t\t\t<div class=\"elementor-element elementor-element-3326c27 elementor-widget__width-initial elementor-widget elementor-widget-text-editor\" data-id=\"3326c27\" data-element_type=\"widget\" data-widget_type=\"text-editor.default\">\n\t\t\t\t<div class=\"elementor-widget-container\">\n\t\t\t\t\t\t\t\t\t<h6>Extra<\/h6>\n<h4>Panorama<br \/>terrasse<\/h4>\n\t\t\t\t\t\t\t\t<\/div>\n\t\t\t\t<\/div>\n\t\t\t\t\t<\/div>\n\t\t\t\t<\/div>\n\t\t<div class=\"elementor-element elementor-element-d1c65af e-flex e-con-boxed e-con e-child\" data-id=\"d1c65af\" data-element_type=\"container\">\n\t\t\t\t\t<div class=\"e-con-inner\">\n\t\t\t\t<div class=\"elementor-element elementor-element-d400be6 elementor-align-center elementor-widget elementor-widget-button\" data-id=\"d400be6\" data-element_type=\"widget\" data-widget_type=\"button.default\">\n\t\t\t\t<div class=\"elementor-widget-container\">\n\t\t\t\t\t\t\t\t\t<div class=\"elementor-button-wrapper\">\n\t\t\t\t\t<a class=\"elementor-button elementor-button-link elementor-size-sm\" href=\"https:\/\/secure.iperbooking.net\/be\/de\/chalet-m-val-di-zoldo\/\" target=\"_blank\" rel=\"noopener\">\n\t\t\t\t\t\t<span class=\"elementor-button-content-wrapper\">\n\t\t\t\t\t\t\t\t\t<span class=\"elementor-button-text\">Jetzt buchen<\/span>\n\t\t\t\t\t<\/span>\n\t\t\t\t\t<\/a>\n\t\t\t\t<\/div>\n\t\t\t\t\t\t\t\t<\/div>\n\t\t\t\t<\/div>\n\t\t\t\t<div class=\"elementor-element elementor-element-d5109ba elementor-align-center elementor-widget elementor-widget-button\" data-id=\"d5109ba\" data-element_type=\"widget\" data-widget_type=\"button.default\">\n\t\t\t\t<div class=\"elementor-widget-container\">\n\t\t\t\t\t\t\t\t\t<div class=\"elementor-button-wrapper\">\n\t\t\t\t\t<a class=\"elementor-button elementor-button-link elementor-size-sm\" href=\"https:\/\/chaletm.it\/de\/wohnungen\/appartamento-monte-civetta\/\">\n\t\t\t\t\t\t<span class=\"elementor-button-content-wrapper\">\n\t\t\t\t\t\t\t\t\t<span class=\"elementor-button-text\">Weitere Informationen<\/span>\n\t\t\t\t\t<\/span>\n\t\t\t\t\t<\/a>\n\t\t\t\t<\/div>\n\t\t\t\t\t\t\t\t<\/div>\n\t\t\t\t<\/div>\n\t\t\t\t\t<\/div>\n\t\t\t\t<\/div>\n\t\t\t\t<\/div>\n\t\t\t\t\t<\/div>\n\t\t\t\t<\/div>\n\t\t<div class=\"elementor-element elementor-element-45b0ee7 e-flex e-con-boxed e-con e-parent\" data-id=\"45b0ee7\" data-element_type=\"container\" data-settings=\"{&quot;background_background&quot;:&quot;classic&quot;}\">\n\t\t\t\t\t<div class=\"e-con-inner\">\n\t\t\t\t<div class=\"elementor-element elementor-element-992cdc3 elementor-widget-divider--view-line elementor-widget elementor-widget-divider\" data-id=\"992cdc3\" data-element_type=\"widget\" data-widget_type=\"divider.default\">\n\t\t\t\t<div class=\"elementor-widget-container\">\n\t\t\t\t\t\t\t<div class=\"elementor-divider\">\n\t\t\t<span class=\"elementor-divider-separator\">\n\t\t\t\t\t\t<\/span>\n\t\t<\/div>\n\t\t\t\t\t\t<\/div>\n\t\t\t\t<\/div>\n\t\t\t\t<div class=\"elementor-element elementor-element-e565253 elementor-widget elementor-widget-text-editor\" data-id=\"e565253\" data-element_type=\"widget\" data-widget_type=\"text-editor.default\">\n\t\t\t\t<div class=\"elementor-widget-container\">\n\t\t\t\t\t\t\t\t\t<h3>Wir laden Sie ein, Ihren Urlaub im Chalet M zu verbringen und unvergessliche Momente inmitten der Natur zu erleben.<\/h3>\n\t\t\t\t\t\t\t\t<\/div>\n\t\t\t\t<\/div>\n\t\t\t\t\t<\/div>\n\t\t\t\t<\/div>\n\t\t\t\t<\/div>\n\t\t","protected":false},"excerpt":{"rendered":"<p>About Chalet M Eine Ruheoasezwischen den Gipfeln der Dolomiten Jetzt buchen Chalet M Im Herzen der Dolomiten UNESCO-Welterbe Val di Zoldo liegt in den Dolomiten, einem UNESCO-Weltnaturerbe Das Tal ist bekannt f\u00fcr seine atemberaubenden Landschaften, charmanten D\u00f6rfer und vielf\u00e4ltigen Freizeitaktivit\u00e4ten, darunter Wandern, Klettern, Mountainbiken, Skifahren und lange Schneeschuhwanderungen. Ein idealer Ort, umgeben von imposanten Massiven [&hellip;]<\/p>\n","protected":false},"author":1,"featured_media":0,"parent":0,"menu_order":0,"comment_status":"closed","ping_status":"closed","template":"","meta":{"footnotes":""},"class_list":["post-1192","page","type-page","status-publish","hentry"],"_links":{"self":[{"href":"https:\/\/chaletm.it\/de\/wp-json\/wp\/v2\/pages\/1192","targetHints":{"allow":["GET"]}}],"collection":[{"href":"https:\/\/chaletm.it\/de\/wp-json\/wp\/v2\/pages"}],"about":[{"href":"https:\/\/chaletm.it\/de\/wp-json\/wp\/v2\/types\/page"}],"author":[{"embeddable":true,"href":"https:\/\/chaletm.it\/de\/wp-json\/wp\/v2\/users\/1"}],"replies":[{"embeddable":true,"href":"https:\/\/chaletm.it\/de\/wp-json\/wp\/v2\/comments?post=1192"}],"version-history":[{"count":7,"href":"https:\/\/chaletm.it\/de\/wp-json\/wp\/v2\/pages\/1192\/revisions"}],"predecessor-version":[{"id":1261,"href":"https:\/\/chaletm.it\/de\/wp-json\/wp\/v2\/pages\/1192\/revisions\/1261"}],"wp:attachment":[{"href":"https:\/\/chaletm.it\/de\/wp-json\/wp\/v2\/media?parent=1192"}],"curies":[{"name":"wp","href":"https:\/\/api.w.org\/{rel}","templated":true}]}}